{"id":24,"date":"2021-07-05T22:19:14","date_gmt":"2021-07-05T20:19:14","guid":{"rendered":"http:\/\/test.foerderverein-kita-olpe.de\/?page_id=24"},"modified":"2023-11-15T18:10:19","modified_gmt":"2023-11-15T17:10:19","slug":"projekte","status":"publish","type":"page","link":"https:\/\/foerderverein-kita-olpe.de\/index.php\/projekte\/","title":{"rendered":"Projekte"},"content":{"rendered":"\n<style type=\"text\/css\">\n.entry-content a {\nfont-size: 22px;\nline-height: 25px;\nfont-weight: 700;\npadding: 15px;\n}\n\n.entry-content img {\npadding-bottom: 30px;\n}\n\n.entry-content .wp-block-latest-posts__post-excerpt {\nmargin-top: 20px;\npadding-left: 20px;\nfont-size: 90%;\n}\n\n.entry-content li {\nborder: 1px solid #ebebeb;\npadding: 2px;\n}\n<\/style>\n\n\n\n<p>Neben unseren projektbasierten Finanzierungen gibt es auch jede Menge kontinuierliche Projekte die andauernd realisiert werden. So organisieren und spendieren wir w\u00f6chentlich Obstk\u00f6rbe f\u00fcr alle Gruppen. Zudem kann sich jede Gruppe j\u00e4hrlich  Weihnachtsgeschenke aussuchen, die je nach Bedarf variieren. Bestimmte Aktionen bei den Maxi-Abschieden und an Karneval werden jedes Jahr von uns erm\u00f6glicht.<\/p>\n\n\n\n<p>Hier finden Sie eine Auflistung der zuletzt von uns realisierten Projekte:<\/p>\n\n\n<ul class=\"wp-block-latest-posts__list is-grid columns-3 has-dates wp-block-latest-posts\"><li><div class=\"wp-block-latest-posts__featured-image alignleft\"><img loading=\"lazy\" decoding=\"async\" width=\"150\" height=\"150\" src=\"https:\/\/foerderverein-kita-olpe.de\/wp-content\/uploads\/2025\/09\/Huppertz-150x150.jpg\" class=\"attachment-thumbnail size-thumbnail wp-post-image\" alt=\"\" style=\"\" srcset=\"https:\/\/foerderverein-kita-olpe.de\/wp-content\/uploads\/2025\/09\/Huppertz-150x150.jpg 150w, https:\/\/foerderverein-kita-olpe.de\/wp-content\/uploads\/2025\/09\/Huppertz-70x70.jpg 70w, https:\/\/foerderverein-kita-olpe.de\/wp-content\/uploads\/2025\/09\/Huppertz-246x246.jpg 246w, https:\/\/foerderverein-kita-olpe.de\/wp-content\/uploads\/2025\/09\/Huppertz-276x276.jpg 276w, https:\/\/foerderverein-kita-olpe.de\/wp-content\/uploads\/2025\/09\/Huppertz-125x125.jpg 125w\" sizes=\"auto, (max-width: 150px) 100vw, 150px\" \/><\/div><a class=\"wp-block-latest-posts__post-title\" href=\"https:\/\/foerderverein-kita-olpe.de\/index.php\/2025\/09\/03\/huppertz-hoffest-2\/\">Huppertz Hoffest<\/a><time datetime=\"2025-09-03T07:26:39+02:00\" class=\"wp-block-latest-posts__post-date\">3. September 2025<\/time><div class=\"wp-block-latest-posts__post-excerpt\">Besucht uns auf dem Hoffest und lasst eure Kinder schminken!<\/div><\/li>\n<li><div class=\"wp-block-latest-posts__featured-image alignleft\"><img loading=\"lazy\" decoding=\"async\" width=\"150\" height=\"150\" src=\"https:\/\/foerderverein-kita-olpe.de\/wp-content\/uploads\/2024\/08\/2024-08-30_06h57_31-150x150.png\" class=\"attachment-thumbnail size-thumbnail wp-post-image\" alt=\"\" style=\"\" srcset=\"https:\/\/foerderverein-kita-olpe.de\/wp-content\/uploads\/2024\/08\/2024-08-30_06h57_31-150x150.png 150w, https:\/\/foerderverein-kita-olpe.de\/wp-content\/uploads\/2024\/08\/2024-08-30_06h57_31-70x70.png 70w, https:\/\/foerderverein-kita-olpe.de\/wp-content\/uploads\/2024\/08\/2024-08-30_06h57_31-246x246.png 246w, https:\/\/foerderverein-kita-olpe.de\/wp-content\/uploads\/2024\/08\/2024-08-30_06h57_31-276x276.png 276w, https:\/\/foerderverein-kita-olpe.de\/wp-content\/uploads\/2024\/08\/2024-08-30_06h57_31-125x125.png 125w\" sizes=\"auto, (max-width: 150px) 100vw, 150px\" \/><\/div><a class=\"wp-block-latest-posts__post-title\" href=\"https:\/\/foerderverein-kita-olpe.de\/index.php\/2024\/08\/30\/huppertz-hoffest\/\">Huppertz Hoffest<\/a><time datetime=\"2024-08-30T06:58:25+02:00\" class=\"wp-block-latest-posts__post-date\">30. August 2024<\/time><div class=\"wp-block-latest-posts__post-excerpt\">Besucht uns auf dem Hoffest und lasst eure Kinder schminken!<\/div><\/li>\n<li><div class=\"wp-block-latest-posts__featured-image alignleft\"><img loading=\"lazy\" decoding=\"async\" width=\"150\" height=\"150\" src=\"https:\/\/foerderverein-kita-olpe.de\/wp-content\/uploads\/2024\/08\/2024-08-30_06h52_41-150x150.png\" class=\"attachment-thumbnail size-thumbnail wp-post-image\" alt=\"\" style=\"\" srcset=\"https:\/\/foerderverein-kita-olpe.de\/wp-content\/uploads\/2024\/08\/2024-08-30_06h52_41-150x150.png 150w, https:\/\/foerderverein-kita-olpe.de\/wp-content\/uploads\/2024\/08\/2024-08-30_06h52_41-70x70.png 70w, https:\/\/foerderverein-kita-olpe.de\/wp-content\/uploads\/2024\/08\/2024-08-30_06h52_41-246x246.png 246w, https:\/\/foerderverein-kita-olpe.de\/wp-content\/uploads\/2024\/08\/2024-08-30_06h52_41-276x276.png 276w, https:\/\/foerderverein-kita-olpe.de\/wp-content\/uploads\/2024\/08\/2024-08-30_06h52_41-125x125.png 125w\" sizes=\"auto, (max-width: 150px) 100vw, 150px\" \/><\/div><a class=\"wp-block-latest-posts__post-title\" href=\"https:\/\/foerderverein-kita-olpe.de\/index.php\/2024\/05\/25\/nordhausfest-2\/\">Nordhausfest<\/a><time datetime=\"2024-05-25T06:53:19+02:00\" class=\"wp-block-latest-posts__post-date\">25. Mai 2024<\/time><div class=\"wp-block-latest-posts__post-excerpt\">Am 25.05. feierte Nordhaus das 100-j\u00e4hrige Jubil\u00e4um und den Tag der offenen T\u00fcr. Wir konnten dort wieder Waffeln und Kaffee &hellip; <\/div><\/li>\n<li><div class=\"wp-block-latest-posts__featured-image alignleft\"><img loading=\"lazy\" decoding=\"async\" width=\"150\" height=\"150\" src=\"https:\/\/foerderverein-kita-olpe.de\/wp-content\/uploads\/2023\/11\/2023-11-15_12h12_39-150x150.png\" class=\"attachment-thumbnail size-thumbnail wp-post-image\" alt=\"\" style=\"\" srcset=\"https:\/\/foerderverein-kita-olpe.de\/wp-content\/uploads\/2023\/11\/2023-11-15_12h12_39-150x150.png 150w, https:\/\/foerderverein-kita-olpe.de\/wp-content\/uploads\/2023\/11\/2023-11-15_12h12_39-70x70.png 70w, https:\/\/foerderverein-kita-olpe.de\/wp-content\/uploads\/2023\/11\/2023-11-15_12h12_39-246x246.png 246w, https:\/\/foerderverein-kita-olpe.de\/wp-content\/uploads\/2023\/11\/2023-11-15_12h12_39-276x276.png 276w, https:\/\/foerderverein-kita-olpe.de\/wp-content\/uploads\/2023\/11\/2023-11-15_12h12_39-125x125.png 125w\" sizes=\"auto, (max-width: 150px) 100vw, 150px\" \/><\/div><a class=\"wp-block-latest-posts__post-title\" href=\"https:\/\/foerderverein-kita-olpe.de\/index.php\/2023\/11\/15\/save-the-date\/\">!!! ABGESAGT !!! Flohmarkt<\/a><time datetime=\"2023-11-15T15:29:38+01:00\" class=\"wp-block-latest-posts__post-date\">15. November 2023<\/time><div class=\"wp-block-latest-posts__post-excerpt\">Aufgrund mangelnder Anmeldungen wird der Flohmarkt bis auf Weiteres abgesagt! Die Organisation und Durchf\u00fchrung des Flohmarktes haben uns als F\u00f6rderverein &hellip; <\/div><\/li>\n<li><div class=\"wp-block-latest-posts__featured-image alignleft\"><img loading=\"lazy\" decoding=\"async\" width=\"150\" height=\"150\" src=\"https:\/\/foerderverein-kita-olpe.de\/wp-content\/uploads\/2023\/11\/Image-7-150x150.jpeg\" class=\"attachment-thumbnail size-thumbnail wp-post-image\" alt=\"\" style=\"\" srcset=\"https:\/\/foerderverein-kita-olpe.de\/wp-content\/uploads\/2023\/11\/Image-7-150x150.jpeg 150w, https:\/\/foerderverein-kita-olpe.de\/wp-content\/uploads\/2023\/11\/Image-7-70x70.jpeg 70w, https:\/\/foerderverein-kita-olpe.de\/wp-content\/uploads\/2023\/11\/Image-7-246x246.jpeg 246w, https:\/\/foerderverein-kita-olpe.de\/wp-content\/uploads\/2023\/11\/Image-7-276x276.jpeg 276w, https:\/\/foerderverein-kita-olpe.de\/wp-content\/uploads\/2023\/11\/Image-7-125x125.jpeg 125w\" sizes=\"auto, (max-width: 150px) 100vw, 150px\" \/><\/div><a class=\"wp-block-latest-posts__post-title\" href=\"https:\/\/foerderverein-kita-olpe.de\/index.php\/2023\/11\/15\/basar\/\">Basar<\/a><time datetime=\"2023-11-15T15:24:48+01:00\" class=\"wp-block-latest-posts__post-date\">15. November 2023<\/time><div class=\"wp-block-latest-posts__post-excerpt\">Der alte Basar erstrahlt in neuem Glanz! Leider findet der alte und im Dorf sehr bekannte, Basar mit vorweihnachtlichen Kaufangeboten &hellip; <\/div><\/li>\n<li><div class=\"wp-block-latest-posts__featured-image alignleft\"><img loading=\"lazy\" decoding=\"async\" width=\"150\" height=\"150\" src=\"https:\/\/foerderverein-kita-olpe.de\/wp-content\/uploads\/2023\/11\/2023-11-29_08h35_22-150x150.png\" class=\"attachment-thumbnail size-thumbnail wp-post-image\" alt=\"\" style=\"\" srcset=\"https:\/\/foerderverein-kita-olpe.de\/wp-content\/uploads\/2023\/11\/2023-11-29_08h35_22-150x150.png 150w, https:\/\/foerderverein-kita-olpe.de\/wp-content\/uploads\/2023\/11\/2023-11-29_08h35_22-70x70.png 70w, https:\/\/foerderverein-kita-olpe.de\/wp-content\/uploads\/2023\/11\/2023-11-29_08h35_22-246x246.png 246w, https:\/\/foerderverein-kita-olpe.de\/wp-content\/uploads\/2023\/11\/2023-11-29_08h35_22-276x276.png 276w, https:\/\/foerderverein-kita-olpe.de\/wp-content\/uploads\/2023\/11\/2023-11-29_08h35_22-125x125.png 125w\" sizes=\"auto, (max-width: 150px) 100vw, 150px\" \/><\/div><a class=\"wp-block-latest-posts__post-title\" href=\"https:\/\/foerderverein-kita-olpe.de\/index.php\/2023\/11\/15\/frischling\/\">Frischling<\/a><time datetime=\"2023-11-15T15:03:49+01:00\" class=\"wp-block-latest-posts__post-date\">15. November 2023<\/time><div class=\"wp-block-latest-posts__post-excerpt\">Nachdem einige Sitzgelegenheiten im Waldkindergarten demontiert werden mussten, da das Holz mittlerweile zu morsch war, fehlte es dort an passenden &hellip; <\/div><\/li>\n<li><div class=\"wp-block-latest-posts__featured-image alignleft\"><img loading=\"lazy\" decoding=\"async\" width=\"150\" height=\"150\" src=\"https:\/\/foerderverein-kita-olpe.de\/wp-content\/uploads\/2023\/11\/2023-11-15_15h15_24-150x150.png\" class=\"attachment-thumbnail size-thumbnail wp-post-image\" alt=\"\" style=\"\" srcset=\"https:\/\/foerderverein-kita-olpe.de\/wp-content\/uploads\/2023\/11\/2023-11-15_15h15_24-150x150.png 150w, https:\/\/foerderverein-kita-olpe.de\/wp-content\/uploads\/2023\/11\/2023-11-15_15h15_24-70x70.png 70w, https:\/\/foerderverein-kita-olpe.de\/wp-content\/uploads\/2023\/11\/2023-11-15_15h15_24-246x246.png 246w, https:\/\/foerderverein-kita-olpe.de\/wp-content\/uploads\/2023\/11\/2023-11-15_15h15_24-276x276.png 276w, https:\/\/foerderverein-kita-olpe.de\/wp-content\/uploads\/2023\/11\/2023-11-15_15h15_24-125x125.png 125w\" sizes=\"auto, (max-width: 150px) 100vw, 150px\" \/><\/div><a class=\"wp-block-latest-posts__post-title\" href=\"https:\/\/foerderverein-kita-olpe.de\/index.php\/2023\/11\/10\/st-martin\/\">St. Martin<\/a><time datetime=\"2023-11-10T15:17:57+01:00\" class=\"wp-block-latest-posts__post-date\">10. November 2023<\/time><div class=\"wp-block-latest-posts__post-excerpt\">Auch in diesem Jahr ritt St. Martin wieder unerm\u00fcdlich um das Feuer. In Olpe gab es den traditionellen St. Martinszug &hellip; <\/div><\/li>\n<li><div class=\"wp-block-latest-posts__featured-image alignleft\"><img loading=\"lazy\" decoding=\"async\" width=\"150\" height=\"150\" src=\"https:\/\/foerderverein-kita-olpe.de\/wp-content\/uploads\/2023\/11\/20231006_101604-002-150x150.jpg\" class=\"attachment-thumbnail size-thumbnail wp-post-image\" alt=\"\" style=\"\" srcset=\"https:\/\/foerderverein-kita-olpe.de\/wp-content\/uploads\/2023\/11\/20231006_101604-002-150x150.jpg 150w, https:\/\/foerderverein-kita-olpe.de\/wp-content\/uploads\/2023\/11\/20231006_101604-002-70x70.jpg 70w, https:\/\/foerderverein-kita-olpe.de\/wp-content\/uploads\/2023\/11\/20231006_101604-002-246x246.jpg 246w, https:\/\/foerderverein-kita-olpe.de\/wp-content\/uploads\/2023\/11\/20231006_101604-002-276x276.jpg 276w, https:\/\/foerderverein-kita-olpe.de\/wp-content\/uploads\/2023\/11\/20231006_101604-002-125x125.jpg 125w\" sizes=\"auto, (max-width: 150px) 100vw, 150px\" \/><\/div><a class=\"wp-block-latest-posts__post-title\" href=\"https:\/\/foerderverein-kita-olpe.de\/index.php\/2023\/10\/06\/materialspende-der-firma-helit-innovative-bueroprodukte-gmbh\/\">Material Spende der Firma helit<\/a><time datetime=\"2023-10-06T14:45:55+02:00\" class=\"wp-block-latest-posts__post-date\">6. Oktober 2023<\/time><div class=\"wp-block-latest-posts__post-excerpt\">Wir freuen uns \u00fcber eine gro\u00dfz\u00fcgige Spende in H\u00f6he von\u00a02500 \u20ac, die von der Firma helit innovative B\u00fcroprodukte GmbH\u00a0aus Marienheide,\u00a0die &hellip; <\/div><\/li>\n<li><div class=\"wp-block-latest-posts__featured-image alignleft\"><img loading=\"lazy\" decoding=\"async\" width=\"150\" height=\"150\" src=\"https:\/\/foerderverein-kita-olpe.de\/wp-content\/uploads\/2023\/11\/2023-11-15_14h52_10-150x150.png\" class=\"attachment-thumbnail size-thumbnail wp-post-image\" alt=\"\" style=\"\" srcset=\"https:\/\/foerderverein-kita-olpe.de\/wp-content\/uploads\/2023\/11\/2023-11-15_14h52_10-150x150.png 150w, https:\/\/foerderverein-kita-olpe.de\/wp-content\/uploads\/2023\/11\/2023-11-15_14h52_10-70x70.png 70w, https:\/\/foerderverein-kita-olpe.de\/wp-content\/uploads\/2023\/11\/2023-11-15_14h52_10-246x246.png 246w, https:\/\/foerderverein-kita-olpe.de\/wp-content\/uploads\/2023\/11\/2023-11-15_14h52_10-276x276.png 276w, https:\/\/foerderverein-kita-olpe.de\/wp-content\/uploads\/2023\/11\/2023-11-15_14h52_10-125x125.png 125w\" sizes=\"auto, (max-width: 150px) 100vw, 150px\" \/><\/div><a class=\"wp-block-latest-posts__post-title\" href=\"https:\/\/foerderverein-kita-olpe.de\/index.php\/2023\/09\/10\/activity-mobil\/\">Activity Mobil<\/a><time datetime=\"2023-09-10T14:53:42+02:00\" class=\"wp-block-latest-posts__post-date\">10. September 2023<\/time><div class=\"wp-block-latest-posts__post-excerpt\">Die Spiel- und Turnmaterialien im Kindergarten sind schon seit einiger Zeit in die Jahre gekommen. Daher hat der F\u00f6rderverein ein &hellip; <\/div><\/li>\n<li><div class=\"wp-block-latest-posts__featured-image alignleft\"><img loading=\"lazy\" decoding=\"async\" width=\"150\" height=\"150\" src=\"https:\/\/foerderverein-kita-olpe.de\/wp-content\/uploads\/2023\/11\/WhatsApp-Bild-2023-11-15-um-15.42.44_b167fb2f-150x150.jpg\" class=\"attachment-thumbnail size-thumbnail wp-post-image\" alt=\"\" style=\"\" srcset=\"https:\/\/foerderverein-kita-olpe.de\/wp-content\/uploads\/2023\/11\/WhatsApp-Bild-2023-11-15-um-15.42.44_b167fb2f-150x150.jpg 150w, https:\/\/foerderverein-kita-olpe.de\/wp-content\/uploads\/2023\/11\/WhatsApp-Bild-2023-11-15-um-15.42.44_b167fb2f-70x70.jpg 70w, https:\/\/foerderverein-kita-olpe.de\/wp-content\/uploads\/2023\/11\/WhatsApp-Bild-2023-11-15-um-15.42.44_b167fb2f-246x246.jpg 246w, https:\/\/foerderverein-kita-olpe.de\/wp-content\/uploads\/2023\/11\/WhatsApp-Bild-2023-11-15-um-15.42.44_b167fb2f-276x276.jpg 276w, https:\/\/foerderverein-kita-olpe.de\/wp-content\/uploads\/2023\/11\/WhatsApp-Bild-2023-11-15-um-15.42.44_b167fb2f-125x125.jpg 125w\" sizes=\"auto, (max-width: 150px) 100vw, 150px\" \/><\/div><a class=\"wp-block-latest-posts__post-title\" href=\"https:\/\/foerderverein-kita-olpe.de\/index.php\/2023\/05\/07\/nordhausfest\/\">Nordhausfest<\/a><time datetime=\"2023-05-07T15:43:43+02:00\" class=\"wp-block-latest-posts__post-date\">7. Mai 2023<\/time><div class=\"wp-block-latest-posts__post-excerpt\">Am 07.05. wurden am allj\u00e4hrlichen Nordhaus Fest Waffeln und Kaffee verkauft und zahlreiche Kinder geschminkt. Das Feedback hierzu war durchweg &hellip; <\/div><\/li>\n<li><div class=\"wp-block-latest-posts__featured-image alignleft\"><img loading=\"lazy\" decoding=\"async\" width=\"150\" height=\"150\" src=\"https:\/\/foerderverein-kita-olpe.de\/wp-content\/uploads\/2023\/11\/WhatsApp-Bild-2023-11-15-um-15.35.47_9c0899f6-150x150.jpg\" class=\"attachment-thumbnail size-thumbnail wp-post-image\" alt=\"\" style=\"\" srcset=\"https:\/\/foerderverein-kita-olpe.de\/wp-content\/uploads\/2023\/11\/WhatsApp-Bild-2023-11-15-um-15.35.47_9c0899f6-150x150.jpg 150w, https:\/\/foerderverein-kita-olpe.de\/wp-content\/uploads\/2023\/11\/WhatsApp-Bild-2023-11-15-um-15.35.47_9c0899f6-70x70.jpg 70w, https:\/\/foerderverein-kita-olpe.de\/wp-content\/uploads\/2023\/11\/WhatsApp-Bild-2023-11-15-um-15.35.47_9c0899f6-246x246.jpg 246w, https:\/\/foerderverein-kita-olpe.de\/wp-content\/uploads\/2023\/11\/WhatsApp-Bild-2023-11-15-um-15.35.47_9c0899f6-276x276.jpg 276w, https:\/\/foerderverein-kita-olpe.de\/wp-content\/uploads\/2023\/11\/WhatsApp-Bild-2023-11-15-um-15.35.47_9c0899f6-125x125.jpg 125w\" sizes=\"auto, (max-width: 150px) 100vw, 150px\" \/><\/div><a class=\"wp-block-latest-posts__post-title\" href=\"https:\/\/foerderverein-kita-olpe.de\/index.php\/2023\/03\/18\/fruehjahrsflohmarkt\/\">Flohmarkt<\/a><time datetime=\"2023-03-18T15:38:08+01:00\" class=\"wp-block-latest-posts__post-date\">18. M\u00e4rz 2023<\/time><div class=\"wp-block-latest-posts__post-excerpt\">Nach einer langen Pause konnten wir, nach dem Herbstflohmarkt, dieses Jahr auch einen Fr\u00fchjahrsflohmarkt organisieren. Zahlreiche Tische wurden dazu vermietet &hellip; <\/div><\/li>\n<li><div class=\"wp-block-latest-posts__featured-image alignleft\"><img loading=\"lazy\" decoding=\"async\" width=\"150\" height=\"150\" src=\"https:\/\/foerderverein-kita-olpe.de\/wp-content\/uploads\/2022\/12\/WhatsApp-Bild-2023-11-15-um-15.34.42_88d5e271-150x150.jpg\" class=\"attachment-thumbnail size-thumbnail wp-post-image\" alt=\"\" style=\"\" srcset=\"https:\/\/foerderverein-kita-olpe.de\/wp-content\/uploads\/2022\/12\/WhatsApp-Bild-2023-11-15-um-15.34.42_88d5e271-150x150.jpg 150w, https:\/\/foerderverein-kita-olpe.de\/wp-content\/uploads\/2022\/12\/WhatsApp-Bild-2023-11-15-um-15.34.42_88d5e271-70x70.jpg 70w, https:\/\/foerderverein-kita-olpe.de\/wp-content\/uploads\/2022\/12\/WhatsApp-Bild-2023-11-15-um-15.34.42_88d5e271-246x246.jpg 246w, https:\/\/foerderverein-kita-olpe.de\/wp-content\/uploads\/2022\/12\/WhatsApp-Bild-2023-11-15-um-15.34.42_88d5e271-276x276.jpg 276w, https:\/\/foerderverein-kita-olpe.de\/wp-content\/uploads\/2022\/12\/WhatsApp-Bild-2023-11-15-um-15.34.42_88d5e271-125x125.jpg 125w\" sizes=\"auto, (max-width: 150px) 100vw, 150px\" \/><\/div><a class=\"wp-block-latest-posts__post-title\" href=\"https:\/\/foerderverein-kita-olpe.de\/index.php\/2022\/12\/15\/trettaxi\/\">Trettaxi<\/a><time datetime=\"2022-12-15T15:00:42+01:00\" class=\"wp-block-latest-posts__post-date\">15. Dezember 2022<\/time><div class=\"wp-block-latest-posts__post-excerpt\">Passend zu Weihnachten wurde ein neues Trettaxi f\u00fcr den Kindergarten gekauft. Schon in den vergangenen Jahren war dieses immer \u00e4u\u00dferst &hellip; <\/div><\/li>\n<li><div class=\"wp-block-latest-posts__featured-image alignleft\"><img loading=\"lazy\" decoding=\"async\" width=\"150\" height=\"150\" src=\"https:\/\/foerderverein-kita-olpe.de\/wp-content\/uploads\/2022\/08\/DSC01630-150x150.jpg\" class=\"attachment-thumbnail size-thumbnail wp-post-image\" alt=\"\" style=\"\" srcset=\"https:\/\/foerderverein-kita-olpe.de\/wp-content\/uploads\/2022\/08\/DSC01630-150x150.jpg 150w, https:\/\/foerderverein-kita-olpe.de\/wp-content\/uploads\/2022\/08\/DSC01630-70x70.jpg 70w, https:\/\/foerderverein-kita-olpe.de\/wp-content\/uploads\/2022\/08\/DSC01630-246x246.jpg 246w, https:\/\/foerderverein-kita-olpe.de\/wp-content\/uploads\/2022\/08\/DSC01630-276x276.jpg 276w, https:\/\/foerderverein-kita-olpe.de\/wp-content\/uploads\/2022\/08\/DSC01630-125x125.jpg 125w\" sizes=\"auto, (max-width: 150px) 100vw, 150px\" \/><\/div><a class=\"wp-block-latest-posts__post-title\" href=\"https:\/\/foerderverein-kita-olpe.de\/index.php\/2022\/11\/15\/sitzgruppen\/\">Sitzgruppen<\/a><time datetime=\"2022-11-15T15:47:47+01:00\" class=\"wp-block-latest-posts__post-date\">15. November 2022<\/time><div class=\"wp-block-latest-posts__post-excerpt\">Insgesamt neun neue Tisch-Bank-Kombinationen konnten f\u00fcr den Au\u00dfenbereich der Kindertagesst\u00e4tte und f\u00fcr den Waldkindergarten realisiert werden. Die Finanzierung dieser wurde &hellip; <\/div><\/li>\n<li><div class=\"wp-block-latest-posts__featured-image alignleft\"><img loading=\"lazy\" decoding=\"async\" width=\"150\" height=\"150\" src=\"https:\/\/foerderverein-kita-olpe.de\/wp-content\/uploads\/2019\/11\/markus-spiske-KU3lOAiP-tQ-unsplash-150x150.jpg\" class=\"attachment-thumbnail size-thumbnail wp-post-image\" alt=\"\" style=\"\" srcset=\"https:\/\/foerderverein-kita-olpe.de\/wp-content\/uploads\/2019\/11\/markus-spiske-KU3lOAiP-tQ-unsplash-150x150.jpg 150w, https:\/\/foerderverein-kita-olpe.de\/wp-content\/uploads\/2019\/11\/markus-spiske-KU3lOAiP-tQ-unsplash-70x70.jpg 70w, https:\/\/foerderverein-kita-olpe.de\/wp-content\/uploads\/2019\/11\/markus-spiske-KU3lOAiP-tQ-unsplash-246x246.jpg 246w, https:\/\/foerderverein-kita-olpe.de\/wp-content\/uploads\/2019\/11\/markus-spiske-KU3lOAiP-tQ-unsplash-276x276.jpg 276w, https:\/\/foerderverein-kita-olpe.de\/wp-content\/uploads\/2019\/11\/markus-spiske-KU3lOAiP-tQ-unsplash-125x125.jpg 125w\" sizes=\"auto, (max-width: 150px) 100vw, 150px\" \/><\/div><a class=\"wp-block-latest-posts__post-title\" href=\"https:\/\/foerderverein-kita-olpe.de\/index.php\/2019\/11\/30\/ein-sandkasten-fuer-die-sternengruppe\/\">Sandkasten<\/a><time datetime=\"2019-11-30T00:13:00+01:00\" class=\"wp-block-latest-posts__post-date\">30. November 2019<\/time><div class=\"wp-block-latest-posts__post-excerpt\">Ein Sandkasten f\u00fcr die Kleinsten F\u00fcr unsere Kleinen hat im oberen Bereich des Aussengel\u00e4ndes noch ein Sandkasten gefehlt. Um den &hellip; <\/div><\/li>\n<li><div class=\"wp-block-latest-posts__featured-image alignleft\"><img loading=\"lazy\" decoding=\"async\" width=\"150\" height=\"150\" src=\"https:\/\/foerderverein-kita-olpe.de\/wp-content\/uploads\/2019\/01\/matt-reed-JS_kyqOLWFw-unsplash-150x150.jpg\" class=\"attachment-thumbnail size-thumbnail wp-post-image\" alt=\"\" style=\"\" srcset=\"https:\/\/foerderverein-kita-olpe.de\/wp-content\/uploads\/2019\/01\/matt-reed-JS_kyqOLWFw-unsplash-150x150.jpg 150w, https:\/\/foerderverein-kita-olpe.de\/wp-content\/uploads\/2019\/01\/matt-reed-JS_kyqOLWFw-unsplash-70x70.jpg 70w, https:\/\/foerderverein-kita-olpe.de\/wp-content\/uploads\/2019\/01\/matt-reed-JS_kyqOLWFw-unsplash-246x246.jpg 246w, https:\/\/foerderverein-kita-olpe.de\/wp-content\/uploads\/2019\/01\/matt-reed-JS_kyqOLWFw-unsplash-276x276.jpg 276w, https:\/\/foerderverein-kita-olpe.de\/wp-content\/uploads\/2019\/01\/matt-reed-JS_kyqOLWFw-unsplash-125x125.jpg 125w\" sizes=\"auto, (max-width: 150px) 100vw, 150px\" \/><\/div><a class=\"wp-block-latest-posts__post-title\" href=\"https:\/\/foerderverein-kita-olpe.de\/index.php\/2019\/01\/01\/ofen-und-bollerwagen\/\">Ofen und Bollerwagen<\/a><time datetime=\"2019-01-01T00:15:00+01:00\" class=\"wp-block-latest-posts__post-date\">1. Januar 2019<\/time><div class=\"wp-block-latest-posts__post-excerpt\">Der Fuchsbau hat sich einen Ofen gew\u00fcnscht und die Mondgruppe ben\u00f6tigt f\u00fcr die regelm\u00e4\u00dfigen Ausfl\u00fcge in den Wald einen Bollerwagen. &hellip; <\/div><\/li>\n<li><div class=\"wp-block-latest-posts__featured-image alignleft\"><img loading=\"lazy\" decoding=\"async\" width=\"150\" height=\"150\" src=\"https:\/\/foerderverein-kita-olpe.de\/wp-content\/uploads\/2018\/07\/DSC03428-150x150.jpg\" class=\"attachment-thumbnail size-thumbnail wp-post-image\" alt=\"\" style=\"\" srcset=\"https:\/\/foerderverein-kita-olpe.de\/wp-content\/uploads\/2018\/07\/DSC03428-150x150.jpg 150w, https:\/\/foerderverein-kita-olpe.de\/wp-content\/uploads\/2018\/07\/DSC03428-70x70.jpg 70w, https:\/\/foerderverein-kita-olpe.de\/wp-content\/uploads\/2018\/07\/DSC03428-246x246.jpg 246w, https:\/\/foerderverein-kita-olpe.de\/wp-content\/uploads\/2018\/07\/DSC03428-276x276.jpg 276w, https:\/\/foerderverein-kita-olpe.de\/wp-content\/uploads\/2018\/07\/DSC03428-125x125.jpg 125w\" sizes=\"auto, (max-width: 150px) 100vw, 150px\" \/><\/div><a class=\"wp-block-latest-posts__post-title\" href=\"https:\/\/foerderverein-kita-olpe.de\/index.php\/2018\/07\/07\/kletterturm\/\">Kletterturm<\/a><time datetime=\"2018-07-07T00:22:00+02:00\" class=\"wp-block-latest-posts__post-date\">7. Juli 2018<\/time><div class=\"wp-block-latest-posts__post-excerpt\">Unsere &#8222;Gro\u00dfen&#8220; m\u00f6chten klettern! Nachdem letztes Jahr im Juli festgestellt wurde, dass unser \u00fcber 30 Jahre alter Kletterturm morsch und &hellip; <\/div><\/li>\n<li><div class=\"wp-block-latest-posts__featured-image alignleft\"><img loading=\"lazy\" decoding=\"async\" width=\"150\" height=\"150\" src=\"https:\/\/foerderverein-kita-olpe.de\/wp-content\/uploads\/2021\/07\/2021-07-07_00h28_08-150x150.png\" class=\"attachment-thumbnail size-thumbnail wp-post-image\" alt=\"\" style=\"\" srcset=\"https:\/\/foerderverein-kita-olpe.de\/wp-content\/uploads\/2021\/07\/2021-07-07_00h28_08-150x150.png 150w, https:\/\/foerderverein-kita-olpe.de\/wp-content\/uploads\/2021\/07\/2021-07-07_00h28_08-70x70.png 70w, https:\/\/foerderverein-kita-olpe.de\/wp-content\/uploads\/2021\/07\/2021-07-07_00h28_08-246x246.png 246w, https:\/\/foerderverein-kita-olpe.de\/wp-content\/uploads\/2021\/07\/2021-07-07_00h28_08-276x276.png 276w, https:\/\/foerderverein-kita-olpe.de\/wp-content\/uploads\/2021\/07\/2021-07-07_00h28_08-125x125.png 125w\" sizes=\"auto, (max-width: 150px) 100vw, 150px\" \/><\/div><a class=\"wp-block-latest-posts__post-title\" href=\"https:\/\/foerderverein-kita-olpe.de\/index.php\/2016\/07\/09\/aussensitzgruppe\/\">Sitzgruppe<\/a><time datetime=\"2016-07-09T00:29:00+02:00\" class=\"wp-block-latest-posts__post-date\">9. Juli 2016<\/time><div class=\"wp-block-latest-posts__post-excerpt\">Im unteren Teil des Aussenbereichs wurde f\u00fcr die Sonnen und Mondgruppe, mit voller Finanzierung durch den F\u00f6rderverein, eine neue Aussensitzgruppe &hellip; <\/div><\/li>\n<li><div class=\"wp-block-latest-posts__featured-image alignleft\"><img loading=\"lazy\" decoding=\"async\" width=\"150\" height=\"150\" src=\"https:\/\/foerderverein-kita-olpe.de\/wp-content\/uploads\/2013\/01\/nordwood-themes-F3Dde_9thd8-unsplash-150x150.jpg\" class=\"attachment-thumbnail size-thumbnail wp-post-image\" alt=\"\" style=\"\" srcset=\"https:\/\/foerderverein-kita-olpe.de\/wp-content\/uploads\/2013\/01\/nordwood-themes-F3Dde_9thd8-unsplash-150x150.jpg 150w, https:\/\/foerderverein-kita-olpe.de\/wp-content\/uploads\/2013\/01\/nordwood-themes-F3Dde_9thd8-unsplash-70x70.jpg 70w, https:\/\/foerderverein-kita-olpe.de\/wp-content\/uploads\/2013\/01\/nordwood-themes-F3Dde_9thd8-unsplash-246x246.jpg 246w, https:\/\/foerderverein-kita-olpe.de\/wp-content\/uploads\/2013\/01\/nordwood-themes-F3Dde_9thd8-unsplash-276x276.jpg 276w, https:\/\/foerderverein-kita-olpe.de\/wp-content\/uploads\/2013\/01\/nordwood-themes-F3Dde_9thd8-unsplash-125x125.jpg 125w\" sizes=\"auto, (max-width: 150px) 100vw, 150px\" \/><\/div><a class=\"wp-block-latest-posts__post-title\" href=\"https:\/\/foerderverein-kita-olpe.de\/index.php\/2013\/01\/01\/diverse-anschaffungen\/\">Diverses<\/a><time datetime=\"2013-01-01T00:20:00+01:00\" class=\"wp-block-latest-posts__post-date\">1. Januar 2013<\/time><div class=\"wp-block-latest-posts__post-excerpt\">Im Laufe des Jahres wurden diverse kleinere Anschaffungen f\u00fcr die Gruppen realisiert. So hat jede Gruppe nun eine Kamera um &hellip; <\/div><\/li>\n<li><div class=\"wp-block-latest-posts__featured-image alignleft\"><img loading=\"lazy\" decoding=\"async\" width=\"150\" height=\"150\" src=\"https:\/\/foerderverein-kita-olpe.de\/wp-content\/uploads\/2013\/01\/alessandro-fazari-86jG5-md9N0-unsplash-150x150.jpg\" class=\"attachment-thumbnail size-thumbnail wp-post-image\" alt=\"\" style=\"\" srcset=\"https:\/\/foerderverein-kita-olpe.de\/wp-content\/uploads\/2013\/01\/alessandro-fazari-86jG5-md9N0-unsplash-150x150.jpg 150w, https:\/\/foerderverein-kita-olpe.de\/wp-content\/uploads\/2013\/01\/alessandro-fazari-86jG5-md9N0-unsplash-70x70.jpg 70w, https:\/\/foerderverein-kita-olpe.de\/wp-content\/uploads\/2013\/01\/alessandro-fazari-86jG5-md9N0-unsplash-246x246.jpg 246w, https:\/\/foerderverein-kita-olpe.de\/wp-content\/uploads\/2013\/01\/alessandro-fazari-86jG5-md9N0-unsplash-276x276.jpg 276w, https:\/\/foerderverein-kita-olpe.de\/wp-content\/uploads\/2013\/01\/alessandro-fazari-86jG5-md9N0-unsplash-125x125.jpg 125w\" sizes=\"auto, (max-width: 150px) 100vw, 150px\" \/><\/div><a class=\"wp-block-latest-posts__post-title\" href=\"https:\/\/foerderverein-kita-olpe.de\/index.php\/2013\/01\/01\/erneuerung-der-matschanlage\/\">Matschanlage<\/a><time datetime=\"2013-01-01T00:19:00+01:00\" class=\"wp-block-latest-posts__post-date\">1. Januar 2013<\/time><div class=\"wp-block-latest-posts__post-excerpt\">Als gr\u00f6\u00dferes Projekt wurde \u201edie Erneuerung der Matschanlage mit neuer Wasserpumpe\u201c f\u00fcr die Kita umgesetzt. Diese Anlage erfreute sich in &hellip; <\/div><\/li>\n<\/ul>","protected":false},"excerpt":{"rendered":"<p>Neben unseren projektbasierten Finanzierungen gibt es auch jede Menge kontinuierliche Projekte die andauernd realisiert werden. So organisieren und spendieren wir &hellip; <\/p>\n","protected":false},"author":1,"featured_media":0,"parent":0,"menu_order":0,"comment_status":"closed","ping_status":"closed","template":"","meta":{"footnotes":""},"class_list":["post-24","page","type-page","status-publish","hentry"],"_links":{"self":[{"href":"https:\/\/foerderverein-kita-olpe.de\/index.php\/wp-json\/wp\/v2\/pages\/24","targetHints":{"allow":["GET"]}}],"collection":[{"href":"https:\/\/foerderverein-kita-olpe.de\/index.php\/wp-json\/wp\/v2\/pages"}],"about":[{"href":"https:\/\/foerderverein-kita-olpe.de\/index.php\/wp-json\/wp\/v2\/types\/page"}],"author":[{"embeddable":true,"href":"https:\/\/foerderverein-kita-olpe.de\/index.php\/wp-json\/wp\/v2\/users\/1"}],"replies":[{"embeddable":true,"href":"https:\/\/foerderverein-kita-olpe.de\/index.php\/wp-json\/wp\/v2\/comments?post=24"}],"version-history":[{"count":23,"href":"https:\/\/foerderverein-kita-olpe.de\/index.php\/wp-json\/wp\/v2\/pages\/24\/revisions"}],"predecessor-version":[{"id":584,"href":"https:\/\/foerderverein-kita-olpe.de\/index.php\/wp-json\/wp\/v2\/pages\/24\/revisions\/584"}],"wp:attachment":[{"href":"https:\/\/foerderverein-kita-olpe.de\/index.php\/wp-json\/wp\/v2\/media?parent=24"}],"curies":[{"name":"wp","href":"https:\/\/api.w.org\/{rel}","templated":true}]}}